{"id":133,"date":"2025-05-06T11:34:12","date_gmt":"2025-05-06T11:34:12","guid":{"rendered":"https:\/\/wordpress.invajo.com\/likavilkor2025\/?page_id=133"},"modified":"2025-11-17T10:19:13","modified_gmt":"2025-11-17T10:19:13","slug":"program","status":"publish","type":"page","link":"https:\/\/www.likavillkor2025.se\/en\/program\/","title":{"rendered":"Programme"},"content":{"rendered":"<p>[et_pb_section fb_built=&#8221;1&#8243; next_background_color=&#8221;#ffffff&#8221; disabled_on=&#8221;off|off|off&#8221; admin_label=&#8221;Banner&#8221; _builder_version=&#8221;4.26.0&#8243; _module_preset=&#8221;default&#8221; background_color=&#8221;rgba(0,0,0,0.6)&#8221; background_image=&#8221;https:\/\/wordpress.invajo.com\/likavilkor2025\/wp-content\/uploads\/sites\/91\/2024\/12\/interieur-david-naylor.jpg&#8221; background_blend=&#8221;soft-light&#8221; height_tablet=&#8221;&#8221; height_phone=&#8221;185px&#8221; height_last_edited=&#8221;on|desktop&#8221; max_height_tablet=&#8221;&#8221; max_height_phone=&#8221;170px&#8221; max_height_last_edited=&#8221;on|phone&#8221; custom_margin=&#8221;||||false|false&#8221; custom_margin_tablet=&#8221;||||false|false&#8221; custom_margin_phone=&#8221;||||false|false&#8221; custom_margin_last_edited=&#8221;on|phone&#8221; custom_padding=&#8221;||||false|false&#8221; bottom_divider_style=&#8221;ramp2&#8243; bottom_divider_repeat=&#8221;1x&#8221; custom_css_main_element=&#8221;min-height: 550px;&#8221; border_width_all=&#8221;0px&#8221; border_style_all=&#8221;ridge&#8221; global_module=&#8221;46&#8243; saved_tabs=&#8221;all&#8221; global_colors_info=&#8221;{}&#8221;][et_pb_row column_structure=&#8221;1_4,1_2,1_4&#8243; use_custom_gutter=&#8221;on&#8221; gutter_width=&#8221;1&#8243; admin_label=&#8221;Textrad&#8221; _builder_version=&#8221;4.26.0&#8243; _module_preset=&#8221;default&#8221; width=&#8221;100%&#8221; custom_padding=&#8221;||5px|||&#8221; global_colors_info=&#8221;{}&#8221;][et_pb_column type=&#8221;1_4&#8243; _builder_version=&#8221;4.19.4&#8243; _module_preset=&#8221;default&#8221; global_colors_info=&#8221;{}&#8221;][\/et_pb_column][et_pb_column type=&#8221;1_2&#8243; _builder_version=&#8221;4.19.4&#8243; _module_preset=&#8221;default&#8221; global_colors_info=&#8221;{}&#8221;][et_pb_text admin_label=&#8221;Rubrik, datum o tema&#8221; _builder_version=&#8221;4.27.4&#8243; _module_preset=&#8221;default&#8221; header_font=&#8221;|700|||||||&#8221; header_font_size=&#8221;40px&#8221; header_3_font=&#8221;|600|||||||&#8221; header_3_font_size=&#8221;27px&#8221; z_index=&#8221;500&#8243; width=&#8221;100%&#8221; custom_padding=&#8221;12px|0px|10px|15px|false|false&#8221; header_font_size_tablet=&#8221;&#8221; header_font_size_phone=&#8221;30px&#8221; header_font_size_last_edited=&#8221;on|phone&#8221; border_radii=&#8221;on|5px|5px|5px|5px&#8221; global_colors_info=&#8221;{}&#8221;]<\/p>\n<h1 style=\"text-align: left\"><span style=\"color: #ffffff\">National Equal Opportunities Conference<br \/><\/span><\/h1>\n<h3 style=\"text-align: left\"><span style=\"color: #ffffff\">18-19 November<br \/>Uppsala<\/span><\/h3>\n<p>[\/et_pb_text][\/et_pb_column][et_pb_column type=&#8221;1_4&#8243; _builder_version=&#8221;4.19.4&#8243; _module_preset=&#8221;default&#8221; global_colors_info=&#8221;{}&#8221;][et_pb_text admin_label=&#8221;2025&#8243; _builder_version=&#8221;4.27.4&#8243; _module_preset=&#8221;default&#8221; text_font=&#8221;Open Sans|700|||||||&#8221; text_text_color=&#8221;#FFFFFF&#8221; text_font_size=&#8221;75px&#8221; text_letter_spacing=&#8221;5px&#8221; header_text_color=&#8221;#990000&#8243; z_index=&#8221;-500&#8243; width=&#8221;100%&#8221; custom_margin=&#8221;113px|||-300px|false|false&#8221; custom_margin_tablet=&#8221;&#8221; custom_margin_phone=&#8221;&#8221; custom_margin_last_edited=&#8221;on|phone&#8221; animation_style=&#8221;zoom&#8221; animation_direction=&#8221;left&#8221; animation_duration=&#8221;3000ms&#8221; animation_delay=&#8221;1000ms&#8221; animation_intensity_zoom=&#8221;67%&#8221; text_text_shadow_style=&#8221;preset3&#8243; text_text_shadow_horizontal_length=&#8221;0.02em&#8221; text_text_shadow_vertical_length=&#8221;0.02em&#8221; text_text_shadow_blur_strength=&#8221;0em&#8221; text_text_shadow_color=&#8221;rgba(0,0,0,0.46)&#8221; border_color_all=&#8221;#000000&#8243; global_colors_info=&#8221;{}&#8221; custom_margin__hover_enabled=&#8221;on|desktop&#8221; transform_styles__hover_enabled=&#8221;on|hover&#8221; transform_scale__hover_enabled=&#8221;on|hover&#8221; transform_translate__hover_enabled=&#8221;on|hover&#8221; transform_rotate__hover_enabled=&#8221;on|hover&#8221; transform_skew__hover_enabled=&#8221;on|hover&#8221; transform_origin__hover_enabled=&#8221;on|hover&#8221; custom_margin__hover=&#8221;113px|||-300px|false|false&#8221; transform_scale__hover=&#8221;129%|129%&#8221;]<\/p>\n<p>2025<\/p>\n<p>[\/et_pb_text][\/et_pb_column][\/et_pb_row][\/et_pb_section][et_pb_section fb_built=&#8221;1&#8243; admin_label=&#8221;Main content&#8221; _builder_version=&#8221;4.26.0&#8243; _module_preset=&#8221;default&#8221; background_enable_image=&#8221;off&#8221; custom_margin=&#8221;||||false|false&#8221; custom_margin_tablet=&#8221;||||false|false&#8221; custom_margin_phone=&#8221;||||false|false&#8221; custom_margin_last_edited=&#8221;on|phone&#8221; custom_padding=&#8221;4px||||false|false&#8221; global_colors_info=&#8221;{}&#8221;][et_pb_row admin_label=&#8221;Bild till h\u00f6ger&#8221; _builder_version=&#8221;4.21.0&#8243; _module_preset=&#8221;default&#8221; custom_margin=&#8221;-1px|auto||auto|false|false&#8221; custom_padding=&#8221;0px|||||&#8221; global_colors_info=&#8221;{}&#8221;][et_pb_column type=&#8221;4_4&#8243; _builder_version=&#8221;4.21.0&#8243; _module_preset=&#8221;default&#8221; global_colors_info=&#8221;{}&#8221;][et_pb_text _builder_version=&#8221;4.27.4&#8243; _module_preset=&#8221;default&#8221; custom_margin_tablet=&#8221;&#8221; custom_margin_phone=&#8221;||||false|false&#8221; custom_margin_last_edited=&#8221;on|phone&#8221; global_colors_info=&#8221;{}&#8221;]<\/p>\n<h1>Programme<\/h1>\n<p>[\/et_pb_text][et_pb_button button_url=&#8221;https:\/\/www.likavillkor2025.se\/wp-content\/uploads\/sites\/91\/2025\/11\/Program_Nationella_Likavillkorskonferensen_18-19_Nov_2025.pdf&#8221; url_new_window=&#8221;on&#8221; button_text=&#8221;Detaljerat program (PDF)&#8221; button_alignment=&#8221;left&#8221; button_alignment_tablet=&#8221;left&#8221; button_alignment_phone=&#8221;center&#8221; button_alignment_last_edited=&#8221;on|phone&#8221; disabled_on=&#8221;off|off|off&#8221; _builder_version=&#8221;4.27.4&#8243; _module_preset=&#8221;default&#8221; custom_button=&#8221;on&#8221; button_text_color=&#8221;#990000&#8243; button_border_width=&#8221;4px&#8221; button_border_color=&#8221;#990000&#8243; button_border_radius=&#8221;16px&#8221; button_font=&#8221;||||||||&#8221; button_icon=&#8221;&#xe092;||divi||400&#8243; button_icon_placement=&#8221;left&#8221; button_on_hover=&#8221;off&#8221; custom_margin=&#8221;|||40px|false|false&#8221; custom_margin_tablet=&#8221;|||40px|false|false&#8221; custom_margin_phone=&#8221;|||0px|false|false&#8221; custom_margin_last_edited=&#8221;on|phone&#8221; hover_enabled=&#8221;0&#8243; global_colors_info=&#8221;{}&#8221; sticky_enabled=&#8221;0&#8243;][\/et_pb_button][et_pb_text disabled_on=&#8221;off|off|off&#8221; _builder_version=&#8221;4.27.4&#8243; _module_preset=&#8221;default&#8221; header_2_font_size=&#8221;23px&#8221; header_2_line_height=&#8221;1.5em&#8221; header_3_font=&#8221;|300|||||||&#8221; header_3_font_size=&#8221;20px&#8221; width=&#8221;81%&#8221; width_tablet=&#8221;&#8221; width_phone=&#8221;&#8221; width_last_edited=&#8221;on|phone&#8221; hover_enabled=&#8221;0&#8243; global_colors_info=&#8221;{}&#8221; sticky_enabled=&#8221;0&#8243;]<\/p>\n<p>The conference will have sessions in both Swedish and English.<\/p>\n<p>Want to learn more about the different sessions? Visit the <a href=\"https:\/\/www.likavillkor2025.se\/en\/sessioner\/\">Sessions<\/a> page for more information.<\/p>\n<p><em><\/em><\/p>\n<h2>Programme<\/h2>\n<p><em>Senast uppdaterad: 17 november<\/em><\/p>\n<p><em><\/em><\/p>\n<h3>Day 1 - 18 November<\/h3>\n\n<table id=\"tablepress-2\" class=\"tablepress tablepress-id-2\">\n<tbody class=\"row-striping row-hover\">\n<tr class=\"row-1\">\n\t<td class=\"column-1\">Time<\/td><td class=\"column-2\">Session<\/td><td class=\"column-3\">Lokal\/Room<\/td>\n<\/tr>\n<tr class=\"row-2\">\n\t<td class=\"column-1\"><strong>09:00-09:45<\/strong><\/td><td class=\"column-2\"><strong>Registrering -Kaffe eller te samt sm\u00f6rg\u00e5s<\/strong><\/td><td class=\"column-3\">Trapphallen, Universitetshuset<\/td>\n<\/tr>\n<tr class=\"row-3\">\n\t<td class=\"column-1\"><strong>09:45-10:15<\/strong><\/td><td class=\"column-2\"><strong>Intro<\/strong><br>Staffan Sv\u00e4rd, Esbj\u00f6rn Larsson, Uppsala universitet samt Coco Nor\u00e9n, Prorektor, Uppsala universitet <\/br><\/td><td class=\"column-3\">Sal 10<\/td>\n<\/tr>\n<tr class=\"row-4\">\n\t<td class=\"column-1\"><strong>10:30-11:15<\/strong><\/td><td class=\"column-2\"><strong>Parallell session<\/strong><\/td><td class=\"column-3\"><\/td>\n<\/tr>\n<tr class=\"row-5\">\n\t<td class=\"column-1\"><\/td><td class=\"column-2\"><em>10:30-11:15 \u2013 1a. L\u00e4r dig mer om inkluderande pedagogik i h\u00f6gskolan (seminarium)<\/em><\/td><td class=\"column-3\">Sal 8<\/td>\n<\/tr>\n<tr class=\"row-6\">\n\t<td class=\"column-1\"><\/td><td class=\"column-2\"><em>10:30-11:15 \u2013 1b. Ov\u00e4ntade utbildnings- och karri\u00e4rv\u00e4gar?  (workshop)<\/em><\/td><td class=\"column-3\">Sal 10<\/td>\n<\/tr>\n<tr class=\"row-7\">\n\t<td class=\"column-1\"><\/td><td class=\"column-2\"><em>10:30-11:15 \u2013 1c. Connecting Networks for Equal Opportunities (workshop)<\/em><\/td><td class=\"column-3\">Sal 11<\/td>\n<\/tr>\n<tr class=\"row-8\">\n\t<td class=\"column-1\"><strong>11:30-12:15<\/strong><\/td><td class=\"column-2\"><strong>Parallell session<\/strong><\/td><td class=\"column-3\"><\/td>\n<\/tr>\n<tr class=\"row-9\">\n\t<td class=\"column-1\"><\/td><td class=\"column-2\"><em>11:30-12:15 \u2013 2a. Kunskap s\u00f6kes \u2013 Hur kan din undervisning bli mer inkluderande? (workshop)<\/em><\/td><td class=\"column-3\">Sal 8<\/td>\n<\/tr>\n<tr class=\"row-10\">\n\t<td class=\"column-1\"><\/td><td class=\"column-2\"><em>11:30-12:15 \u2013 2b. Erfarenheter fr\u00e5n ett lika villkorsprojekt med grundl\u00e4rarkollegiet (seminarium)<\/em><\/td><td class=\"column-3\">Sal 10<\/td>\n<\/tr>\n<tr class=\"row-11\">\n\t<td class=\"column-1\"><\/td><td class=\"column-2\"><em>11:30-12:15 \u2013 2c. Critiquing Power in Tech through an Intersectional Feminist Lens (seminar)<\/em><\/td><td class=\"column-3\">Sal 11<\/td>\n<\/tr>\n<tr class=\"row-12\">\n\t<td class=\"column-1\"><strong>12:15-13:15<\/strong><\/td><td class=\"column-2\"><strong>Vegetarisk mingellunch: <\/strong>\u2022 Pankostekt aubergine och bakad pumpa med gr\u00f6nk\u00e5lspesto<br \/>\n\u2022 Avokadocr\u00e8me<br \/>\n\u2022 K\u00e5lrabbislaw toppad med \u00f6rt- och senapskryddade gulbetor<br \/>\n\u2022 Sallad p\u00e5 vaxb\u00f6nor, broccoli och hyvlad f\u00e4nk\u00e5l med honungsvin\u00e4grett<\/td><td class=\"column-3\">Trapphallen, Universitetshuset<\/td>\n<\/tr>\n<tr class=\"row-13\">\n\t<td class=\"column-1\"><strong>13:15-14:00<\/strong><\/td><td class=\"column-2\"><strong>Keynote<\/strong> <br> Professor Anna Danielsson, Stockholms universitet  <br> <em> Diversifying STEM higher education: Resources, resonance and recruitment <\/em> <\/td><td class=\"column-3\">Sal 10<\/td>\n<\/tr>\n<tr class=\"row-14\">\n\t<td class=\"column-1\"><strong>14:15-15:00<\/strong><\/td><td class=\"column-2\"><strong>Parallell session<\/strong><\/td><td class=\"column-3\"><\/td>\n<\/tr>\n<tr class=\"row-15\">\n\t<td class=\"column-1\"><\/td><td class=\"column-2\"><em>14:15-15:00 \u2013 3a. Att \u00f6ppna slutna rum \u2013 ett seminarium om konst, historieskrivning och lika villkor (seminarium)<\/em><\/td><td class=\"column-3\">Sal 11<\/td>\n<\/tr>\n<tr class=\"row-16\">\n\t<td class=\"column-1\"><\/td><td class=\"column-2\"><em>14:15-15:00 \u2013 3b. WOMHER seminar: The Consequences of Parenthood for the Careers of Women Researchers <\/em><\/td><td class=\"column-3\">Sal 10<\/td>\n<\/tr>\n<tr class=\"row-17\">\n\t<td class=\"column-1\"><strong>15:00-15:30<\/strong><\/td><td class=\"column-2\"><strong>Fika: Kaffe eller te, frukt och mjuk kaka<\/strong><\/td><td class=\"column-3\">Trapphallen, Universitetshuset<\/td>\n<\/tr>\n<tr class=\"row-18\">\n\t<td class=\"column-1\"><strong>15:30-16:15<\/strong><\/td><td class=\"column-2\"><strong>Parallell session<\/strong><\/td><td class=\"column-3\"><\/td>\n<\/tr>\n<tr class=\"row-19\">\n\t<td class=\"column-1\"><\/td><td class=\"column-2\"><em>15:30-16:15 \u2013 4a. St\u00e5 inte bara d\u00e4r! En introduktion till active bystander trainings I (workshop)<br \/>\n<\/em><\/td><td class=\"column-3\">Sal 8<\/td>\n<\/tr>\n<tr class=\"row-20\">\n\t<td class=\"column-1\"><\/td><td class=\"column-2\"><em>15:30-16:15 \u2013 4b. M\u00f6jligheter och utmaningar vid anv\u00e4ndandet av modern informationsteknologi som st\u00f6djande teknik f\u00f6r personer med funktionsneds\u00e4ttningar (seminarium)<\/em><\/td><td class=\"column-3\">Sal 10<\/td>\n<\/tr>\n<tr class=\"row-21\">\n\t<td class=\"column-1\"><\/td><td class=\"column-2\"><em>15:30-16:15 \u2013 4c. \"These are not my shoes, but...\": Cultivating empathy to foster inclusive higher education (workshop)<\/em><\/td><td class=\"column-3\">Sal 11<\/td>\n<\/tr>\n<tr class=\"row-22\">\n\t<td class=\"column-1\"><strong>16:30-17:15<\/strong><\/td><td class=\"column-2\"><strong>Parallell session<\/strong><\/td><td class=\"column-3\"><\/td>\n<\/tr>\n<tr class=\"row-23\">\n\t<td class=\"column-1\"><\/td><td class=\"column-2\"><em>16:30-17:15 \u2013 5a. St\u00e5 inte bara d\u00e4r! En introduktion till active bystander trainings II (workshop)<\/em><\/td><td class=\"column-3\">Sal 8<\/td>\n<\/tr>\n<tr class=\"row-24\">\n\t<td class=\"column-1\"><\/td><td class=\"column-2\"><em>16:30-17:15 \u2013 5b. Fr\u00e5n eldsj\u00e4lsarbete till systematik \u2013 f\u00f6lj med p\u00e5 en utvecklingsresa f\u00f6r breddad rekrytering (seminarium)<\/em><\/td><td class=\"column-3\">Sal 11<\/td>\n<\/tr>\n<tr class=\"row-25\">\n\t<td class=\"column-1\"><\/td><td class=\"column-2\"><em>16:30-17:15 \u2013 5c. Designing Inclusive Hybrid Learning: Strategies for Equitable Engagement (workshop)<\/em><\/td><td class=\"column-3\">Sal 10<\/td>\n<\/tr>\n<tr class=\"row-26\">\n\t<td class=\"column-1\"><strong>18:30-22:00 <\/strong><\/td><td class=\"column-2\"><strong>Konferensmiddag p\u00e5 Norrlands Nation <\/strong><\/td><td class=\"column-3\"><\/td>\n<\/tr>\n<\/tbody>\n<\/table>\n<!-- #tablepress-2 from cache -->\n<h3>Day 2 - 19 November<\/h3>\n\n<table id=\"tablepress-3\" class=\"tablepress tablepress-id-3\">\n<tbody class=\"row-striping row-hover\">\n<tr class=\"row-1\">\n\t<td class=\"column-1\">Time<\/td><td class=\"column-2\">Session<\/td><td class=\"column-3\">Lokal\/Room<\/td>\n<\/tr>\n<tr class=\"row-2\">\n\t<td class=\"column-1\"><strong>09:00-09:45<\/strong><\/td><td class=\"column-2\"><strong>Parallell session<\/strong><\/td><td class=\"column-3\"><\/td>\n<\/tr>\n<tr class=\"row-3\">\n\t<td class=\"column-1\"><\/td><td class=\"column-2\"><em>09:00-09:45 \u2013 6a. En j\u00e4mf\u00f6rande studie mellan unga kvinnors och m\u00e4ns val av och antagning till utbildning \u2013 Varf\u00f6r \u00e4r andelen studenter som \u00e4r kvinnor inom IT och datavetenskap fortfarande s\u00e5 l\u00e5g? (seminarium)<\/em><\/td><td class=\"column-3\">Sal 10<\/td>\n<\/tr>\n<tr class=\"row-4\">\n\t<td class=\"column-1\"><\/td><td class=\"column-2\"><em>09:00-09:45 \u2013 6b. Roundtable Discussion: Educating University Educators for Equal Opportunities (roundtable)<\/em><\/td><td class=\"column-3\">Sal 8<\/td>\n<\/tr>\n<tr class=\"row-5\">\n\t<td class=\"column-1\"><strong>09:45-10:15<\/strong><\/td><td class=\"column-2\"><strong>Fika: Kaffe eller te samt sm\u00f6rg\u00e5s<\/strong><\/td><td class=\"column-3\">Trapphallen, Universitetshuset<\/td>\n<\/tr>\n<tr class=\"row-6\">\n\t<td class=\"column-1\"><strong>10:15-11:00<\/strong><\/td><td class=\"column-2\"><strong>Parallell session<\/strong><\/td><td class=\"column-3\"><\/td>\n<\/tr>\n<tr class=\"row-7\">\n\t<td class=\"column-1\"><\/td><td class=\"column-2\"><em>10:15-11:00 \u2013 7a. Didaktikens inkluderande dimensioner - En modell f\u00f6r reflektioner kring och utveckling av en j\u00e4mlik och r\u00e4ttvis h\u00f6gskoleundervisning (seminarium)<\/em><\/td><td class=\"column-3\">Sal 10<\/td>\n<\/tr>\n<tr class=\"row-8\">\n\t<td class=\"column-1\"><\/td><td class=\"column-2\"><em>10:15-11:00 \u2013 7b. Breaking the Language Barrier \u2013 Enhancing Sweden\u2019s Standing as an Internationally Attractive Research Nation (roundtable) <\/em><\/td><td class=\"column-3\">Sal 11<\/td>\n<\/tr>\n<tr class=\"row-9\">\n\t<td class=\"column-1\"><strong>11:15-12:00<\/strong><\/td><td class=\"column-2\"><strong>Parallell session<\/strong><\/td><td class=\"column-3\"><\/td>\n<\/tr>\n<tr class=\"row-10\">\n\t<td class=\"column-1\"><\/td><td class=\"column-2\"><em>11:15-12:00 \u2013 8a. Sista program\u00e5ret f\u00f6r JiHU \u2013 j\u00e4mst\u00e4lldhetsintegrering av h\u00f6gskolor och universitet (roundtable)<\/em><\/td><td class=\"column-3\">Sal 8<\/td>\n<\/tr>\n<tr class=\"row-11\">\n\t<td class=\"column-1\"><\/td><td class=\"column-2\"><em>11:15-12:00 \u2013 8b. M\u00e4nsklig Blomstring i lika villkor (workshop)<\/em><\/td><td class=\"column-3\">Sal 11<\/td>\n<\/tr>\n<tr class=\"row-12\">\n\t<td class=\"column-1\"><\/td><td class=\"column-2\"><em>11:15-12:00 \u2013 8c. Inequality in STEM: problems and possibilities (seminar)<\/em><\/td><td class=\"column-3\">Sal 10<\/td>\n<\/tr>\n<tr class=\"row-13\">\n\t<td class=\"column-1\"><strong>12:00-13:00<\/strong><\/td><td class=\"column-2\"><strong>Lunch: Pokebowl med kik\u00e4rtsbiff, glasnudelsallad, tofu, mango, sojab\u00f6nor, syrad r\u00f6dk\u00e5l och chilimajonn\u00e4s. <\/strong><\/td><td class=\"column-3\">Trapphallen, Universitetshuset<\/td>\n<\/tr>\n<tr class=\"row-14\">\n\t<td class=\"column-1\"><strong>13:00-13:45<\/strong><\/td><td class=\"column-2\"><strong>Keynote<\/strong> <br> Ylva F\u00e4ltholm, rektor S\u00f6dert\u00f6rns h\u00f6gskola <br> <em>Lika villkor och j\u00e4mst\u00e4lldhet i h\u00f6gre utbildning  <\/em><\/td><td class=\"column-3\">Sal 10<\/td>\n<\/tr>\n<tr class=\"row-15\">\n\t<td class=\"column-1\"><strong>14:00-14:45<\/strong><\/td><td class=\"column-2\"><strong>Parallell session<\/strong><\/td><td class=\"column-3\"><\/td>\n<\/tr>\n<tr class=\"row-16\">\n\t<td class=\"column-1\"><\/td><td class=\"column-2\"><em>14:00-14:45 \u2013 9a. Samverkan f\u00f6r j\u00e4mst\u00e4llda studie- och yrkesval (seminarium)<\/em><\/td><td class=\"column-3\">Sal 8<\/td>\n<\/tr>\n<tr class=\"row-17\">\n\t<td class=\"column-1\"><\/td><td class=\"column-2\"><em>14:00-14:45 \u2013 9b. Doktoranders utsatta villkor i akademin (seminarium)<\/em><\/td><td class=\"column-3\">Sal 10<\/td>\n<\/tr>\n<tr class=\"row-18\">\n\t<td class=\"column-1\"><\/td><td class=\"column-2\"><em>14:00-14:45 \u2013 9c. Engineering Gender Equality (seminar)<\/em><\/td><td class=\"column-3\">Sal 11<\/td>\n<\/tr>\n<tr class=\"row-19\">\n\t<td class=\"column-1\"><strong>14:45-15:00<\/strong><\/td><td class=\"column-2\"><strong>Kaffe eller te och n\u00e5got s\u00f6tt <\/strong><\/td><td class=\"column-3\">Trapphallen\/utanf\u00f6r Sal 10, Universitetshuset<\/td>\n<\/tr>\n<tr class=\"row-20\">\n\t<td class=\"column-1\"><strong>15:00-15:30<\/strong><\/td><td class=\"column-2\"><strong>Avslutning<\/strong><\/td><td class=\"column-3\">Sal 10<\/td>\n<\/tr>\n<\/tbody>\n<\/table>\n<!-- #tablepress-3 from cache -->\n<p>[\/et_pb_text][\/et_pb_column][\/et_pb_row][et_pb_row disabled_on=&#8221;on|off|off&#8221; _builder_version=&#8221;4.26.0&#8243; _module_preset=&#8221;default&#8221; global_colors_info=&#8221;{}&#8221;][et_pb_column type=&#8221;4_4&#8243; _builder_version=&#8221;4.26.0&#8243; _module_preset=&#8221;default&#8221; global_colors_info=&#8221;{}&#8221;][et_pb_code _builder_version=&#8221;4.26.0&#8243; _module_preset=&#8221;default&#8221; global_colors_info=&#8221;{}&#8221;]<!-- [et_pb_line_break_holder] -->[\/et_pb_code][\/et_pb_column][\/et_pb_row][et_pb_row admin_label=&#8221;Divider row&#8221; _builder_version=&#8221;4.21.0&#8243; _module_preset=&#8221;default&#8221; global_module=&#8221;49&#8243; saved_tabs=&#8221;all&#8221; global_colors_info=&#8221;{}&#8221;][et_pb_column type=&#8221;4_4&#8243; _builder_version=&#8221;4.21.0&#8243; _module_preset=&#8221;default&#8221; global_colors_info=&#8221;{}&#8221;][et_pb_divider divider_weight=&#8221;3px&#8221; _builder_version=&#8221;4.26.0&#8243; _module_preset=&#8221;default&#8221; custom_margin=&#8221;0px||-21px||false|false&#8221; custom_padding=&#8221;0px||||false|false&#8221; animation_style=&#8221;fade&#8221; animation_delay=&#8221;200ms&#8221; global_colors_info=&#8221;{}&#8221;][\/et_pb_divider][\/et_pb_column][\/et_pb_row][et_pb_row admin_label=&#8221;Organized by&#8221; _builder_version=&#8221;4.21.0&#8243; _module_preset=&#8221;default&#8221; global_colors_info=&#8221;{}&#8221;][et_pb_column type=&#8221;4_4&#8243; _builder_version=&#8221;4.21.0&#8243; _module_preset=&#8221;default&#8221; global_colors_info=&#8221;{}&#8221;][et_pb_text _builder_version=&#8221;4.26.0&#8243; _module_preset=&#8221;default&#8221; global_colors_info=&#8221;{}&#8221;]<\/p>\n<h3 style=\"text-align: center\">Organizer<\/h3>\n<p>[\/et_pb_text][\/et_pb_column][\/et_pb_row][et_pb_row column_structure=&#8221;1_3,1_3,1_3&#8243; disabled_on=&#8221;off|off|off&#8221; admin_label=&#8221;Organisat\u00f6rer&#8221; _builder_version=&#8221;4.26.0&#8243; _module_preset=&#8221;default&#8221; global_colors_info=&#8221;{}&#8221;][et_pb_column type=&#8221;1_3&#8243; _builder_version=&#8221;4.26.0&#8243; _module_preset=&#8221;default&#8221; global_colors_info=&#8221;{}&#8221;][\/et_pb_column][et_pb_column type=&#8221;1_3&#8243; _builder_version=&#8221;4.26.0&#8243; _module_preset=&#8221;default&#8221; global_colors_info=&#8221;{}&#8221;][et_pb_image src=&#8221;https:\/\/wordpress.invajo.com\/likavilkor2025\/wp-content\/uploads\/sites\/91\/2024\/12\/UU_logo_2farg.jpg&#8221; alt=&#8221;Uppsala University&#8221; title_text=&#8221;Uppsala University&#8221; admin_label=&#8221;UU-logo&#8221; _builder_version=&#8221;4.26.0&#8243; _module_preset=&#8221;default&#8221; max_width=&#8221;80%&#8221; max_width_tablet=&#8221;50%&#8221; max_width_phone=&#8221;50%&#8221; max_width_last_edited=&#8221;on|phone&#8221; module_alignment=&#8221;center&#8221; custom_margin=&#8221;-50px||||false|false&#8221; custom_margin_tablet=&#8221;0px||||false|false&#8221; custom_margin_phone=&#8221;0px||||false|false&#8221; custom_margin_last_edited=&#8221;on|desktop&#8221; module_alignment_tablet=&#8221;center&#8221; module_alignment_phone=&#8221;center&#8221; module_alignment_last_edited=&#8221;on|desktop&#8221; global_colors_info=&#8221;{}&#8221;][\/et_pb_image][\/et_pb_column][et_pb_column type=&#8221;1_3&#8243; _builder_version=&#8221;4.26.0&#8243; _module_preset=&#8221;default&#8221; global_colors_info=&#8221;{}&#8221;][\/et_pb_column][\/et_pb_row][et_pb_row _builder_version=&#8221;4.26.0&#8243; _module_preset=&#8221;default&#8221; global_colors_info=&#8221;{}&#8221;][et_pb_column type=&#8221;4_4&#8243; _builder_version=&#8221;4.26.0&#8243; _module_preset=&#8221;default&#8221; global_colors_info=&#8221;{}&#8221;][\/et_pb_column][\/et_pb_row][\/et_pb_section][et_pb_section fb_built=&#8221;1&#8243; prev_background_color=&#8221;#ffffff&#8221; admin_label=&#8221;Footer&#8221; _builder_version=&#8221;4.26.0&#8243; _module_preset=&#8221;default&#8221; background_color=&#8221;#990000&#8243; custom_padding=&#8221;22px|||||&#8221; top_divider_style=&#8221;ramp2&#8243; top_divider_height=&#8221;70px&#8221; top_divider_flip=&#8221;vertical|horizontal&#8221; global_module=&#8221;47&#8243; saved_tabs=&#8221;all&#8221; collapsed=&#8221;off&#8221; global_colors_info=&#8221;{}&#8221;][et_pb_row column_structure=&#8221;1_3,1_3,1_3&#8243; _builder_version=&#8221;4.19.4&#8243; _module_preset=&#8221;default&#8221; background_enable_color=&#8221;off&#8221; background_size=&#8221;initial&#8221; background_position=&#8221;top_left&#8221; background_repeat=&#8221;repeat&#8221; global_colors_info=&#8221;{}&#8221;][et_pb_column type=&#8221;1_3&#8243; _builder_version=&#8221;4.16&#8243; _module_preset=&#8221;default&#8221; custom_padding=&#8221;|||&#8221; global_colors_info=&#8221;{}&#8221; custom_padding__hover=&#8221;|||&#8221;][et_pb_text admin_label=&#8221;Kontakt&#8221; _builder_version=&#8221;4.26.0&#8243; _module_preset=&#8221;default&#8221; text_text_color=&#8221;#FFFFFF&#8221; link_text_color=&#8221;#FFFFFF&#8221; header_2_text_color=&#8221;#FFFFFF&#8221; header_3_text_color=&#8221;#FFFFFF&#8221; header_4_text_color=&#8221;#FFFFFF&#8221; custom_margin=&#8221;||12px|||&#8221; global_colors_info=&#8221;{}&#8221;]<\/p>\n<h4><span style=\"color: #ffffff\">Contact<\/span><\/h4>\n<p>[\/et_pb_text][et_pb_text admin_label=&#8221;Contact&#8221; _builder_version=&#8221;4.26.0&#8243; _module_preset=&#8221;default&#8221; text_text_color=&#8221;#FFFFFF&#8221; link_font=&#8221;|||||||#FFFFFF|&#8221; link_text_color=&#8221;#FFFFFF&#8221; header_text_color=&#8221;#FFFFFF&#8221; header_2_text_color=&#8221;#FFFFFF&#8221; header_3_text_color=&#8221;#FFFFFF&#8221; header_4_text_color=&#8221;#FFFFFF&#8221; custom_margin=&#8221;||18px|||&#8221; global_colors_info=&#8221;{}&#8221;]<\/p>\n<p><span style=\"color: #ffffff\">Academic Conferences<\/span><br \/><span style=\"color: #ffffff\">Telephone: +46 18 67 14 62 or +46 18 67 10 03<br \/><\/span><span style=\"font-size: 14px\">E-mail: <\/span><strong style=\"font-size: 14px\"><a href=\"mailto:likavillkorskonferens-2025@akademikonferens.se\" target=\"_blank\" rel=\"noopener\">likavillkorskonferens-2025@akademikonferens.se<\/a><\/strong><\/p>\n<p>[\/et_pb_text][et_pb_image src=&#8221;https:\/\/wordpress.invajo.com\/likavilkor2025\/wp-content\/uploads\/sites\/91\/2024\/12\/Akademikonferens-Logotyp_200-e1636724763499.png&#8221; title_text=&#8221;Akademikonferens-Logotyp_200&#8243; url=&#8221;https:\/\/www.slu.se\/en\/subweb\/Academic-Conferences\/&#8221; url_new_window=&#8221;on&#8221; align_tablet=&#8221;&#8221; align_phone=&#8221;center&#8221; align_last_edited=&#8221;on|desktop&#8221; admin_label=&#8221;AK-logga&#8221; _builder_version=&#8221;4.21.0&#8243; _module_preset=&#8221;default&#8221; background_color=&#8221;RGBA(0,0,0,0)&#8221; max_height=&#8221;125px&#8221; custom_margin=&#8221;||2px|||&#8221; border_radii=&#8221;on|10px|10px|10px|10px&#8221; global_colors_info=&#8221;{}&#8221;][\/et_pb_image][\/et_pb_column][et_pb_column type=&#8221;1_3&#8243; _builder_version=&#8221;4.16&#8243; _module_preset=&#8221;default&#8221; custom_padding=&#8221;|||&#8221; global_colors_info=&#8221;{}&#8221; custom_padding__hover=&#8221;|||&#8221;][et_pb_text admin_label=&#8221;Viktiga datum&#8221; _builder_version=&#8221;4.26.0&#8243; _module_preset=&#8221;default&#8221; text_text_color=&#8221;#FFFFFF&#8221; link_text_color=&#8221;#FFFFFF&#8221; header_text_color=&#8221;#FFFFFF&#8221; header_2_text_color=&#8221;#FFFFFF&#8221; header_3_text_color=&#8221;#FFFFFF&#8221; header_4_text_color=&#8221;#FFFFFF&#8221; custom_padding=&#8221;5px|||||&#8221; global_colors_info=&#8221;{}&#8221;]<\/p>\n<h4><span style=\"color: #ffffff\">Important dates<\/span><\/h4>\n<p>[\/et_pb_text][et_pb_text admin_label=&#8221;Datum&#8221; _builder_version=&#8221;4.26.0&#8243; _module_preset=&#8221;default&#8221; text_text_color=&#8221;#FFFFFF&#8221; link_text_color=&#8221;#FFFFFF&#8221; header_text_color=&#8221;#FFFFFF&#8221; header_2_text_color=&#8221;#FFFFFF&#8221; header_3_text_color=&#8221;#FFFFFF&#8221; header_4_text_color=&#8221;#FFFFFF&#8221; global_colors_info=&#8221;{}&#8221;]<\/p>\n<p><span style=\"color: #ffffff\"><strong>14 February:<\/strong> Call for proposals<\/span><\/p>\n<p><strong>5 May:<\/strong> Registration opens<\/p>\n<p><strong>17 September:<\/strong> Last day for Early bird<\/p>\n<p><strong>3 november:<\/strong> Sista dagen f\u00f6r anm\u00e4lan<\/p>\n<p><strong>18-19 November:<\/strong> Conference<\/p>\n<p>&nbsp;<\/p>\n<p>[\/et_pb_text][\/et_pb_column][et_pb_column type=&#8221;1_3&#8243; _builder_version=&#8221;4.16&#8243; _module_preset=&#8221;default&#8221; custom_padding=&#8221;|||&#8221; global_colors_info=&#8221;{}&#8221; custom_padding__hover=&#8221;|||&#8221;][et_pb_text admin_label=&#8221;Organiseras av&#8221; _builder_version=&#8221;4.26.0&#8243; _module_preset=&#8221;default&#8221; text_text_color=&#8221;#FFFFFF&#8221; link_text_color=&#8221;#FFFFFF&#8221; header_text_color=&#8221;#FFFFFF&#8221; header_2_text_color=&#8221;#FFFFFF&#8221; header_3_text_color=&#8221;#FFFFFF&#8221; header_4_text_color=&#8221;#FFFFFF&#8221; header_text_align_tablet=&#8221;&#8221; header_text_align_phone=&#8221;center&#8221; header_text_align_last_edited=&#8221;on|desktop&#8221; text_orientation_tablet=&#8221;&#8221; text_orientation_phone=&#8221;center&#8221; text_orientation_last_edited=&#8221;on|phone&#8221; global_colors_info=&#8221;{}&#8221;]<\/p>\n<h4><span style=\"color: #ffffff\">Organized by<\/span><\/h4>\n<p>[\/et_pb_text][et_pb_image src=&#8221;https:\/\/wordpress.invajo.com\/likavilkor2025\/wp-content\/uploads\/sites\/91\/2024\/12\/UU_logo_2farg.jpg&#8221; alt=&#8221;Uppsala University&#8221; title_text=&#8221;Uppsala University&#8221; show_bottom_space=&#8221;off&#8221; align_tablet=&#8221;&#8221; align_phone=&#8221;center&#8221; align_last_edited=&#8221;on|phone&#8221; admin_label=&#8221;Uppsala universitet&#8221; _builder_version=&#8221;4.26.0&#8243; _module_preset=&#8221;default&#8221; max_height=&#8221;125px&#8221; custom_margin=&#8221;-10px||||false|false&#8221; border_radii=&#8221;on|10px|10px|10px|10px&#8221; global_colors_info=&#8221;{}&#8221;][\/et_pb_image][\/et_pb_column][\/et_pb_row][et_pb_row disabled_on=&#8221;off|off|off&#8221; admin_label=&#8221;Acknowledgement molecule image&#8221; _builder_version=&#8221;4.21.0&#8243; _module_preset=&#8221;default&#8221; custom_margin=&#8221;||-65px||false|false&#8221; custom_padding=&#8221;||0px||false|false&#8221; global_colors_info=&#8221;{}&#8221;][et_pb_column type=&#8221;4_4&#8243; _builder_version=&#8221;4.21.0&#8243; _module_preset=&#8221;default&#8221; global_colors_info=&#8221;{}&#8221;][et_pb_text admin_label=&#8221;Molecule image: Lydia Simmons via freepngimg.com&#8221; _builder_version=&#8221;4.26.0&#8243; _module_preset=&#8221;default&#8221; custom_margin=&#8221;-50px||-25px||false|false&#8221; custom_padding=&#8221;0px||0px||false|false&#8221; global_colors_info=&#8221;{}&#8221;]<\/p>\n<p style=\"font-size: 10px\"><span style=\"color: #ffffff\"><strong>Image credits:<\/strong> Uppsala University &#8211; David Naylor<\/span><\/p>\n<p>[\/et_pb_text][\/et_pb_column][\/et_pb_row][\/et_pb_section]<\/p>","protected":false},"excerpt":{"rendered":"<p>Nationella likavillkorskonferensen 18-19 novemberUppsala2025ProgramKonferensen kommer att ha inneh\u00e5ll b\u00e5de p\u00e5 svenska och engelska. Vill du l\u00e4sa mer om de olika sessionerna? Bes\u00f6k sidan Sessioner f\u00f6r mer information. Program\u00f6versikt Senast uppdaterad: 17 november Dag 1 &#8211; 18 november \n<table id=\"tablepress-2-no-2\" class=\"tablepress tablepress-id-2\">\n<tbody class=\"row-striping row-hover\">\n<tr class=\"row-1\">\n\t<td class=\"column-1\">Time<\/td><td class=\"column-2\">Session<\/td><td class=\"column-3\">Lokal\/Room<\/td>\n<\/tr>\n<tr class=\"row-2\">\n\t<td class=\"column-1\"><strong>09:00-09:45<\/strong><\/td><td class=\"column-2\"><strong>Registrering -Kaffe eller te samt sm\u00f6rg\u00e5s<\/strong><\/td><td class=\"column-3\">Trapphallen, Universitetshuset<\/td>\n<\/tr>\n<tr class=\"row-3\">\n\t<td class=\"column-1\"><strong>09:45-10:15<\/strong><\/td><td class=\"column-2\"><strong>Intro<\/strong><br>Staffan Sv\u00e4rd, Esbj\u00f6rn Larsson, Uppsala universitet samt Coco Nor\u00e9n, Prorektor, Uppsala universitet <\/br><\/td><td class=\"column-3\">Sal 10<\/td>\n<\/tr>\n<tr class=\"row-4\">\n\t<td class=\"column-1\"><strong>10:30-11:15<\/strong><\/td><td class=\"column-2\"><strong>Parallell session<\/strong><\/td><td class=\"column-3\"><\/td>\n<\/tr>\n<tr class=\"row-5\">\n\t<td class=\"column-1\"><\/td><td class=\"column-2\"><em>10:30-11:15 \u2013 1a. L\u00e4r dig mer om inkluderande pedagogik i h\u00f6gskolan (seminarium)<\/em><\/td><td class=\"column-3\">Sal 8<\/td>\n<\/tr>\n<tr class=\"row-6\">\n\t<td class=\"column-1\"><\/td><td class=\"column-2\"><em>10:30-11:15 \u2013 1b. Ov\u00e4ntade utbildnings- och karri\u00e4rv\u00e4gar?  (workshop)<\/em><\/td><td class=\"column-3\">Sal 10<\/td>\n<\/tr>\n<tr class=\"row-7\">\n\t<td class=\"column-1\"><\/td><td class=\"column-2\"><em>10:30-11:15 \u2013 1c. Connecting Networks for Equal Opportunities (workshop)<\/em><\/td><td class=\"column-3\">Sal 11<\/td>\n<\/tr>\n<tr class=\"row-8\">\n\t<td class=\"column-1\"><strong>11:30-12:15<\/strong><\/td><td class=\"column-2\"><strong>Parallell session<\/strong><\/td><td class=\"column-3\"><\/td>\n<\/tr>\n<tr class=\"row-9\">\n\t<td class=\"column-1\"><\/td><td class=\"column-2\"><em>11:30-12:15 \u2013 2a. Kunskap s\u00f6kes \u2013 Hur kan din undervisning bli mer inkluderande? (workshop)<\/em><\/td><td class=\"column-3\">Sal 8<\/td>\n<\/tr>\n<tr class=\"row-10\">\n\t<td class=\"column-1\"><\/td><td class=\"column-2\"><em>11:30-12:15 \u2013 2b. Erfarenheter fr\u00e5n ett lika villkorsprojekt med grundl\u00e4rarkollegiet (seminarium)<\/em><\/td><td class=\"column-3\">Sal 10<\/td>\n<\/tr>\n<tr class=\"row-11\">\n\t<td class=\"column-1\"><\/td><td class=\"column-2\"><em>11:30-12:15 \u2013 2c. Critiquing Power in Tech through an Intersectional Feminist Lens (seminar)<\/em><\/td><td class=\"column-3\">Sal 11<\/td>\n<\/tr>\n<tr class=\"row-12\">\n\t<td class=\"column-1\"><strong>12:15-13:15<\/strong><\/td><td class=\"column-2\"><strong>Vegetarisk mingellunch: <\/strong>\u2022 Pankostekt aubergine och bakad pumpa med gr\u00f6nk\u00e5lspesto<br \/>\n\u2022 Avokadocr\u00e8me<br \/>\n\u2022 K\u00e5lrabbislaw toppad med \u00f6rt- och senapskryddade gulbetor<br \/>\n\u2022 Sallad p\u00e5 vaxb\u00f6nor, broccoli och hyvlad f\u00e4nk\u00e5l med honungsvin\u00e4grett<\/td><td class=\"column-3\">Trapphallen, Universitetshuset<\/td>\n<\/tr>\n<tr class=\"row-13\">\n\t<td class=\"column-1\"><strong>13:15-14:00<\/strong><\/td><td class=\"column-2\"><strong>Keynote<\/strong> <br> Professor Anna Danielsson, Stockholms universitet  <br> <em> Diversifying STEM higher education: Resources, resonance and recruitment <\/em> <\/td><td class=\"column-3\">Sal 10<\/td>\n<\/tr>\n<tr class=\"row-14\">\n\t<td class=\"column-1\"><strong>14:15-15:00<\/strong><\/td><td class=\"column-2\"><strong>Parallell session<\/strong><\/td><td class=\"column-3\"><\/td>\n<\/tr>\n<tr class=\"row-15\">\n\t<td class=\"column-1\"><\/td><td class=\"column-2\"><em>14:15-15:00 \u2013 3a. Att \u00f6ppna slutna rum \u2013 ett seminarium om konst, historieskrivning och lika villkor (seminarium)<\/em><\/td><td class=\"column-3\">Sal 11<\/td>\n<\/tr>\n<tr class=\"row-16\">\n\t<td class=\"column-1\"><\/td><td class=\"column-2\"><em>14:15-15:00 \u2013 3b. WOMHER seminar: The Consequences of Parenthood for the Careers of Women Researchers <\/em><\/td><td class=\"column-3\">Sal 10<\/td>\n<\/tr>\n<tr class=\"row-17\">\n\t<td class=\"column-1\"><strong>15:00-15:30<\/strong><\/td><td class=\"column-2\"><strong>Fika: Kaffe eller te, frukt och mjuk kaka<\/strong><\/td><td class=\"column-3\">Trapphallen, Universitetshuset<\/td>\n<\/tr>\n<tr class=\"row-18\">\n\t<td class=\"column-1\"><strong>15:30-16:15<\/strong><\/td><td class=\"column-2\"><strong>Parallell session<\/strong><\/td><td class=\"column-3\"><\/td>\n<\/tr>\n<tr class=\"row-19\">\n\t<td class=\"column-1\"><\/td><td class=\"column-2\"><em>15:30-16:15 \u2013 4a. St\u00e5 inte bara d\u00e4r! En introduktion till active bystander trainings I (workshop)<br \/>\n<\/em><\/td><td class=\"column-3\">Sal 8<\/td>\n<\/tr>\n<tr class=\"row-20\">\n\t<td class=\"column-1\"><\/td><td class=\"column-2\"><em>15:30-16:15 \u2013 4b. M\u00f6jligheter och utmaningar vid anv\u00e4ndandet av modern informationsteknologi som st\u00f6djande teknik f\u00f6r personer med funktionsneds\u00e4ttningar (seminarium)<\/em><\/td><td class=\"column-3\">Sal 10<\/td>\n<\/tr>\n<tr class=\"row-21\">\n\t<td class=\"column-1\"><\/td><td class=\"column-2\"><em>15:30-16:15 \u2013 4c. \"These are not my shoes, but...\": Cultivating empathy to foster inclusive higher education (workshop)<\/em><\/td><td class=\"column-3\">Sal 11<\/td>\n<\/tr>\n<tr class=\"row-22\">\n\t<td class=\"column-1\"><strong>16:30-17:15<\/strong><\/td><td class=\"column-2\"><strong>Parallell session<\/strong><\/td><td class=\"column-3\"><\/td>\n<\/tr>\n<tr class=\"row-23\">\n\t<td class=\"column-1\"><\/td><td class=\"column-2\"><em>16:30-17:15 \u2013 5a. St\u00e5 inte bara d\u00e4r! En introduktion till active bystander trainings II (workshop)<\/em><\/td><td class=\"column-3\">Sal 8<\/td>\n<\/tr>\n<tr class=\"row-24\">\n\t<td class=\"column-1\"><\/td><td class=\"column-2\"><em>16:30-17:15 \u2013 5b. Fr\u00e5n eldsj\u00e4lsarbete till systematik \u2013 f\u00f6lj med p\u00e5 en utvecklingsresa f\u00f6r breddad rekrytering (seminarium)<\/em><\/td><td class=\"column-3\">Sal 11<\/td>\n<\/tr>\n<tr class=\"row-25\">\n\t<td class=\"column-1\"><\/td><td class=\"column-2\"><em>16:30-17:15 \u2013 5c. Designing Inclusive Hybrid Learning: Strategies for Equitable Engagement (workshop)<\/em><\/td><td class=\"column-3\">Sal 10<\/td>\n<\/tr>\n<tr class=\"row-26\">\n\t<td class=\"column-1\"><strong>18:30-22:00 <\/strong><\/td><td class=\"column-2\"><strong>Konferensmiddag p\u00e5 Norrlands Nation <\/strong><\/td><td class=\"column-3\"><\/td>\n<\/tr>\n<\/tbody>\n<\/table>\n Day 2 - 19 November \n<table id=\"tablepress-3-no-2\" class=\"tablepress tablepress-id-3\">\n<tbody class=\"row-striping row-hover\">\n<tr class=\"row-1\">\n\t<td class=\"column-1\">Time<\/td><td class=\"column-2\">Session<\/td><td class=\"column-3\">Lokal\/Room<\/td>\n<\/tr>\n<tr class=\"row-2\">\n\t<td class=\"column-1\"><strong>09:00-09:45<\/strong><\/td><td class=\"column-2\"><strong>Parallell session<\/strong><\/td><td class=\"column-3\"><\/td>\n<\/tr>\n<tr class=\"row-3\">\n\t<td class=\"column-1\"><\/td><td class=\"column-2\"><em>09:00-09:45 \u2013 6a. En j\u00e4mf\u00f6rande studie mellan unga kvinnors och m\u00e4ns val av och antagning till utbildning \u2013 Varf\u00f6r \u00e4r andelen studenter som \u00e4r kvinnor inom IT och datavetenskap fortfarande s\u00e5 l\u00e5g? (seminarium)<\/em><\/td><td class=\"column-3\">Sal 10<\/td>\n<\/tr>\n<tr class=\"row-4\">\n\t<td class=\"column-1\"><\/td><td class=\"column-2\"><em>09:00-09:45 \u2013 6b. Roundtable Discussion: Educating University Educators for Equal Opportunities (roundtable)<\/em><\/td><td class=\"column-3\">Sal 8<\/td>\n<\/tr>\n<tr class=\"row-5\">\n\t<td class=\"column-1\"><strong>09:45-10:15<\/strong><\/td><td class=\"column-2\"><strong>Fika: Kaffe eller te samt sm\u00f6rg\u00e5s<\/strong><\/td><td class=\"column-3\">Trapphallen, Universitetshuset<\/td>\n<\/tr>\n<tr class=\"row-6\">\n\t<td class=\"column-1\"><strong>10:15-11:00<\/strong><\/td><td class=\"column-2\"><strong>Parallell session<\/strong><\/td><td class=\"column-3\"><\/td>\n<\/tr>\n<tr class=\"row-7\">\n\t<td class=\"column-1\"><\/td><td class=\"column-2\"><em>10:15-11:00 \u2013 7a. Didaktikens inkluderande dimensioner - En modell f\u00f6r reflektioner kring och utveckling av en j\u00e4mlik och r\u00e4ttvis h\u00f6gskoleundervisning (seminarium)<\/em><\/td><td class=\"column-3\">Sal 10<\/td>\n<\/tr>\n<tr class=\"row-8\">\n\t<td class=\"column-1\"><\/td><td class=\"column-2\"><em>10:15-11:00 \u2013 7b. Breaking the Language Barrier \u2013 Enhancing Sweden\u2019s Standing as an Internationally Attractive Research Nation (roundtable) <\/em><\/td><td class=\"column-3\">Sal 11<\/td>\n<\/tr>\n<tr class=\"row-9\">\n\t<td class=\"column-1\"><strong>11:15-12:00<\/strong><\/td><td class=\"column-2\"><strong>Parallell session<\/strong><\/td><td class=\"column-3\"><\/td>\n<\/tr>\n<tr class=\"row-10\">\n\t<td class=\"column-1\"><\/td><td class=\"column-2\"><em>11:15-12:00 \u2013 8a. Sista program\u00e5ret f\u00f6r JiHU \u2013 j\u00e4mst\u00e4lldhetsintegrering av h\u00f6gskolor och universitet (roundtable)<\/em><\/td><td class=\"column-3\">Sal 8<\/td>\n<\/tr>\n<tr class=\"row-11\">\n\t<td class=\"column-1\"><\/td><td class=\"column-2\"><em>11:15-12:00 \u2013 8b. M\u00e4nsklig Blomstring i lika villkor (workshop)<\/em><\/td><td class=\"column-3\">Sal 11<\/td>\n<\/tr>\n<tr class=\"row-12\">\n\t<td class=\"column-1\"><\/td><td class=\"column-2\"><em>11:15-12:00 \u2013 8c. Inequality in STEM: problems and possibilities (seminar)<\/em><\/td><td class=\"column-3\">Sal 10<\/td>\n<\/tr>\n<tr class=\"row-13\">\n\t<td class=\"column-1\"><strong>12:00-13:00<\/strong><\/td><td class=\"column-2\"><strong>Lunch: Pokebowl med kik\u00e4rtsbiff, glasnudelsallad, tofu, mango, sojab\u00f6nor, syrad r\u00f6dk\u00e5l och chilimajonn\u00e4s. <\/strong><\/td><td class=\"column-3\">Trapphallen, Universitetshuset<\/td>\n<\/tr>\n<tr class=\"row-14\">\n\t<td class=\"column-1\"><strong>13:00-13:45<\/strong><\/td><td class=\"column-2\"><strong>Keynote<\/strong> <br> Ylva F\u00e4ltholm, rektor S\u00f6dert\u00f6rns h\u00f6gskola <br> <em>Lika villkor och j\u00e4mst\u00e4lldhet i h\u00f6gre utbildning  <\/em><\/td><td class=\"column-3\">Sal 10<\/td>\n<\/tr>\n<tr class=\"row-15\">\n\t<td class=\"column-1\"><strong>14:00-14:45<\/strong><\/td><td class=\"column-2\"><strong>Parallell session<\/strong><\/td><td class=\"column-3\"><\/td>\n<\/tr>\n<tr class=\"row-16\">\n\t<td class=\"column-1\"><\/td><td class=\"column-2\"><em>14:00-14:45 \u2013 9a. Samverkan f\u00f6r j\u00e4mst\u00e4llda studie- och yrkesval (seminarium)<\/em><\/td><td class=\"column-3\">Sal 8<\/td>\n<\/tr>\n<tr class=\"row-17\">\n\t<td class=\"column-1\"><\/td><td class=\"column-2\"><em>14:00-14:45 \u2013 9b. Doktoranders utsatta villkor i akademin (seminarium)<\/em><\/td><td class=\"column-3\">Sal 10<\/td>\n<\/tr>\n<tr class=\"row-18\">\n\t<td class=\"column-1\"><\/td><td class=\"column-2\"><em>14:00-14:45 \u2013 9c. Engineering Gender Equality (seminar)<\/em><\/td><td class=\"column-3\">Sal 11<\/td>\n<\/tr>\n<tr class=\"row-19\">\n\t<td class=\"column-1\"><strong>14:45-15:00<\/strong><\/td><td class=\"column-2\"><strong>Kaffe eller te och n\u00e5got s\u00f6tt <\/strong><\/td><td class=\"column-3\">Trapphallen\/utanf\u00f6r Sal 10, Universitetshuset<\/td>\n<\/tr>\n<tr class=\"row-20\">\n\t<td class=\"column-1\"><strong>15:00-15:30<\/strong><\/td><td class=\"column-2\"><strong>Avslutning<\/strong><\/td><td class=\"column-3\">Sal 10<\/td>\n<\/tr>\n<\/tbody>\n<\/table>\nArrang\u00f6rKontaktAkademikonferensTelefon: +46 18 67 14 62 eller +46 [&hellip;]<\/p>","protected":false},"author":19,"featured_media":0,"parent":0,"menu_order":0,"comment_status":"closed","ping_status":"closed","template":"","meta":{"_et_pb_use_builder":"on","_et_pb_old_content":"","_et_gb_content_width":"","footnotes":""},"class_list":["post-133","page","type-page","status-publish","hentry"],"_links":{"self":[{"href":"https:\/\/www.likavillkor2025.se\/en\/wp-json\/wp\/v2\/pages\/133","targetHints":{"allow":["GET"]}}],"collection":[{"href":"https:\/\/www.likavillkor2025.se\/en\/wp-json\/wp\/v2\/pages"}],"about":[{"href":"https:\/\/www.likavillkor2025.se\/en\/wp-json\/wp\/v2\/types\/page"}],"author":[{"embeddable":true,"href":"https:\/\/www.likavillkor2025.se\/en\/wp-json\/wp\/v2\/users\/19"}],"replies":[{"embeddable":true,"href":"https:\/\/www.likavillkor2025.se\/en\/wp-json\/wp\/v2\/comments?post=133"}],"version-history":[{"count":51,"href":"https:\/\/www.likavillkor2025.se\/en\/wp-json\/wp\/v2\/pages\/133\/revisions"}],"predecessor-version":[{"id":601,"href":"https:\/\/www.likavillkor2025.se\/en\/wp-json\/wp\/v2\/pages\/133\/revisions\/601"}],"wp:attachment":[{"href":"https:\/\/www.likavillkor2025.se\/en\/wp-json\/wp\/v2\/media?parent=133"}],"curies":[{"name":"wp","href":"https:\/\/api.w.org\/{rel}","templated":true}]}}